{"id":227,"date":"2018-05-03T13:55:06","date_gmt":"2018-05-03T10:55:06","guid":{"rendered":"http:\/\/strater.com.tr\/?page_id=227"},"modified":"2018-05-03T14:24:19","modified_gmt":"2018-05-03T11:24:19","slug":"masaustu-yayincilik","status":"publish","type":"page","link":"https:\/\/www.strater.com.tr\/tr_tr\/masaustu-yayincilik\/","title":{"rendered":"Masa\u00fcst\u00fc Yay\u0131nc\u0131l\u0131k"},"content":{"rendered":"<p><img decoding=\"async\" loading=\"lazy\" class=\"alignleft wp-image-96\" src=\"http:\/\/strater.com.tr\/wp-content\/uploads\/desktop_publishing-150x150.jpg\" sizes=\"(max-width: 181px) 100vw, 181px\" srcset=\"http:\/\/strater.com.tr\/wp-content\/uploads\/desktop_publishing-150x150.jpg 150w, http:\/\/strater.com.tr\/wp-content\/uploads\/desktop_publishing-174x174.jpg 174w\" alt=\"\" width=\"181\" height=\"181\" \/>Herhangi bir metni daha sonradan yay\u0131nlamak amac\u0131yla \u00e7evirtiyorsan\u0131z, size matbaa \u00f6ncesi t\u00fcm a\u015famalarda yard\u0131mc\u0131 olabiliriz. B\u00f6ylelikle \u00e7eviri i\u00e7in ayr\u0131, bas\u0131m \u00f6ncesi sayfa d\u00fczeni ve grafik \u00e7al\u0131\u015fmalar i\u00e7in ayr\u0131 ajanslarla \u00e7al\u0131\u015fmak zorunda kalmazs\u0131n\u0131z. \u00c7evrilen belgenin bas\u0131ma haz\u0131r hale getirilmesi, kurulu\u015fumuzun bir di\u011fer \u00f6nemli faaliyetidir. STRATER \u00c7eviri Merkezi, \u00e7eviriden bask\u0131 \u00f6ncesi haz\u0131rl\u0131\u011fa kadar kapsaml\u0131 bir masa\u00fcst\u00fc yay\u0131nc\u0131l\u0131k hizmeti sunar. MS Word, Power Point, Excel veya InDesign, AI, FH1, QuarkXPress, FrameMaker, SGML, HTML, XML gibi formatlar destekledi\u011fimiz formatlar aras\u0131ndad\u0131r.<\/p>\n","protected":false},"excerpt":{"rendered":"<p>Herhangi bir metni daha sonradan yay\u0131nlamak amac\u0131yla \u00e7evirtiyorsan\u0131z, size matbaa \u00f6ncesi t\u00fcm a\u015famalarda yard\u0131mc\u0131 olabiliriz. B\u00f6ylelikle \u00e7eviri i\u00e7in ayr\u0131, bas\u0131m \u00f6ncesi sayfa d\u00fczeni ve grafik \u00e7al\u0131\u015fmalar i\u00e7in ayr\u0131 ajanslarla \u00e7al\u0131\u015fmak zorunda kalmazs\u0131n\u0131z. \u00c7evrilen belgenin bas\u0131ma haz\u0131r hale getirilmesi, kurulu\u015fumuzun bir di\u011fer \u00f6nemli faaliyetidir. STRATER \u00c7eviri Merkezi, \u00e7eviriden bask\u0131 \u00f6ncesi haz\u0131rl\u0131\u011fa kadar kapsaml\u0131 bir masa\u00fcst\u00fc yay\u0131nc\u0131l\u0131k [&hellip;]<\/p>\n","protected":false},"author":1,"featured_media":0,"parent":0,"menu_order":0,"comment_status":"closed","ping_status":"closed","template":"","meta":{"footnotes":""},"_links":{"self":[{"href":"https:\/\/www.strater.com.tr\/tr_tr\/wp-json\/wp\/v2\/pages\/227"}],"collection":[{"href":"https:\/\/www.strater.com.tr\/tr_tr\/wp-json\/wp\/v2\/pages"}],"about":[{"href":"https:\/\/www.strater.com.tr\/tr_tr\/wp-json\/wp\/v2\/types\/page"}],"author":[{"embeddable":true,"href":"https:\/\/www.strater.com.tr\/tr_tr\/wp-json\/wp\/v2\/users\/1"}],"replies":[{"embeddable":true,"href":"https:\/\/www.strater.com.tr\/tr_tr\/wp-json\/wp\/v2\/comments?post=227"}],"version-history":[{"count":2,"href":"https:\/\/www.strater.com.tr\/tr_tr\/wp-json\/wp\/v2\/pages\/227\/revisions"}],"predecessor-version":[{"id":237,"href":"https:\/\/www.strater.com.tr\/tr_tr\/wp-json\/wp\/v2\/pages\/227\/revisions\/237"}],"wp:attachment":[{"href":"https:\/\/www.strater.com.tr\/tr_tr\/wp-json\/wp\/v2\/media?parent=227"}],"curies":[{"name":"wp","href":"https:\/\/api.w.org\/{rel}","templated":true}]}}